{"version":"1.0","provider_name":"Alm\u00e1riumBlog - Bea Birodalma","provider_url":"https:\/\/almarium.cafeblog.hu","author_name":"F\u00fcl\u00f6p Be\u00e1ta Priv\u00e1t","author_url":"https:\/\/almarium.cafeblog.hu\/author\/dolcespiritosofacebook-com\/","title":"Alm\u00e1rium - \u0151zgerinces csokis s\u00fcti","html":"<a href=\"https:\/\/almarium.cafeblog.hu\/files\/2014\/03\/1-unnamed-2-001.jpg\"><img class=\"aligncenter size-full wp-image-369\" alt=\"1-unnamed (2)-001\" src=\"https:\/\/almarium.cafeblog.hu\/files\/2014\/03\/1-unnamed-2-001.jpg\" width=\"513\" height=\"311\" \/><!--more--><\/a><strong>Hozz\u00e1val\u00f3k:<\/strong>\r\n\r\n<strong style=\"font-size: 14px;line-height: 1.5em\">A van\u00edli\u00e1s t\u00e9szt\u00e1hoz:<\/strong>\r\n<ul>\r\n\t<li>2 db toj\u00e1s<\/li>\r\n\t<li>F\u00e9l csomag Van\u00edliapuding<\/li>\r\n\t<li>1 csomag van\u00edli\u00e1s cukor<\/li>\r\n\t<li>10 dkg vaj<\/li>\r\n\t<li>15 dkg cukor<\/li>\r\n\t<li>15 dkg liszt<\/li>\r\n\t<li>1 mokk\u00e1skan\u00e1l s\u00fct\u0151por<\/li>\r\n\t<li>\u00c1fonya (de lehet megy is )<\/li>\r\n<\/ul>\r\n<strong>A csokol\u00e1d\u00e9s t\u00e9szt\u00e1hoz:<\/strong>\r\n<ul>\r\n\t<li>2 db toj\u00e1s<\/li>\r\n\t<li>2-3 ev\u0151kan\u00e1l kaka\u00f3por<\/li>\r\n\t<li>10 dkg vaj<\/li>\r\n\t<li>15 dkg cukor<\/li>\r\n\t<li>15 dkg liszt<\/li>\r\n\t<li>1 mokk\u00e1skan\u00e1l s\u00fct\u0151por<\/li>\r\n\t<li>Mandula apr\u00f3ra v\u00e1gva<\/li>\r\n<\/ul>\r\n<strong>A m\u00e1zhoz:<\/strong>\r\n<ul>\r\n\t<li>1 t\u00e1bla csokol\u00e1d\u00e9<\/li>\r\n\t<li>Mandula apr\u00f3ra v\u00e1gva<\/li>\r\n<\/ul>\r\n<strong>Elk\u00e9sz\u00edt\u00e9s:<\/strong>\r\n\r\nK\u00e9sz\u00edtsd el a vanli\u00e1s t\u00e9szt\u00e1t: olvaszd meg a vajat \u00e9s keverd bele a van\u00edli\u00e1s pudingot. Verd fel a toj\u00e1sokat a cukorral \u00e9s a van\u00edli\u00e1s cukorral, majd add hozz\u00e1 a vajas kever\u00e9ket, \u00e1fony\u00e1t, lisztet \u00e9s a s\u00fct\u0151port.\r\n\r\nMost k\u00e9sz\u00edtsd el a csokis t\u00e9szt\u00e1t: olvaszd meg a vajat \u00e9s keverd bele a kaka\u00f3port. A toj\u00e1sokat verd fel a cukorral, majd add hozz\u00e1 a vajas kever\u00e9ket, mandul\u00e1t, lisztet \u00e9s a s\u00fct\u0151port.\r\n\r\nVajazd \u00e9s lisztezd ki az \u0151zgerinc form\u00e1t, majd el\u0151sz\u00f6r \u00f6ntsd bele a van\u00edli\u00e1s t\u00e9szt\u00e1t, arra pedig a csokis t\u00e9szt\u00e1t. S\u00fct\u0151ben 175 fokon s\u00fcsd kb 30-40 percig. Miut\u00e1n megs\u00fclt \u00e9s kicsit kih\u0171lt, ford\u00edtsd ki a form\u00e1b\u00f3l, \u00e9s \u00f6ntsd le olvasztott csokival. A tetej\u00e9t dekor\u00e1ld mandula darabk\u00e1kkal.<!--more-->\r\n\r\n<a href=\"https:\/\/almarium.cafeblog.hu\/files\/2014\/03\/1-unnamed.jpg\"><img class=\"aligncenter size-large wp-image-371\" alt=\"1-unnamed\" src=\"https:\/\/almarium.cafeblog.hu\/files\/2014\/03\/1-unnamed-600x450.jpg\" width=\"600\" height=\"450\" \/><!--more--><\/a><a href=\"https:\/\/almarium.cafeblog.hu\/files\/2014\/03\/1-unnamed-1.jpg\"><img class=\"aligncenter size-full wp-image-370\" alt=\"1-unnamed (1)\" src=\"https:\/\/almarium.cafeblog.hu\/files\/2014\/03\/1-unnamed-1.jpg\" width=\"598\" height=\"365\" \/><\/a><!--more--><a href=\"https:\/\/almarium.cafeblog.hu\/files\/2014\/03\/1-unnamed-2-001.jpg\"><img class=\"aligncenter size-full wp-image-369\" alt=\"1-unnamed (2)-001\" src=\"https:\/\/almarium.cafeblog.hu\/files\/2014\/03\/1-unnamed-2-001.jpg\" width=\"513\" height=\"311\" \/><\/a>\r\n\r\n&nbsp;\r\n\r\n&nbsp;\r\n\r\n&nbsp;\r\n\r\n&nbsp;\r\n\r\n&nbsp;\r\n\r\n&nbsp;\r\n\r\n<span style=\"text-decoration: underline\">\r\n<\/span>\r\n\r\n&nbsp;\r\n\r\n&nbsp;","type":"rich"}